{"id":2248,"date":"2020-11-24T15:00:35","date_gmt":"2020-11-24T14:00:35","guid":{"rendered":"http:\/\/college-albertmicheneau-villefagnan.fr\/?page_id=2248"},"modified":"2020-11-24T15:05:47","modified_gmt":"2020-11-24T14:05:47","slug":"blog-espagnol","status":"publish","type":"page","link":"http:\/\/college-albertmicheneau-villefagnan.fr\/index.php\/blog-espagnol\/","title":{"rendered":"Blog espagnol"},"content":{"rendered":"[vc_row type=\u00a0\u00bbin_container\u00a0\u00bb full_screen_row_position=\u00a0\u00bbmiddle\u00a0\u00bb scene_position=\u00a0\u00bbcenter\u00a0\u00bb text_color=\u00a0\u00bbdark\u00a0\u00bb text_align=\u00a0\u00bbleft\u00a0\u00bb overlay_strength=\u00a0\u00bb0.3&Prime; shape_divider_position=\u00a0\u00bbbottom\u00a0\u00bb][vc_column column_padding=\u00a0\u00bbno-extra-padding\u00a0\u00bb column_padding_position=\u00a0\u00bball\u00a0\u00bb background_color_opacity=\u00a0\u00bb1&Prime; background_hover_color_opacity=\u00a0\u00bb1&Prime; column_link_target=\u00a0\u00bb_self\u00a0\u00bb column_shadow=\u00a0\u00bbnone\u00a0\u00bb column_border_radius=\u00a0\u00bbnone\u00a0\u00bb width=\u00a0\u00bb1\/1&Prime; tablet_width_inherit=\u00a0\u00bbdefault\u00a0\u00bb tablet_text_alignment=\u00a0\u00bbdefault\u00a0\u00bb phone_text_alignment=\u00a0\u00bbdefault\u00a0\u00bb column_border_width=\u00a0\u00bbnone\u00a0\u00bb column_border_style=\u00a0\u00bbsolid\u00a0\u00bb]\t\n\t<div class=\"row\">\n\t\n\t <div class=\"post-area col featured_img_left span_9   \" data-ams=\"\"> <div class=\"posts-container\" data-load-animation=\"none\">\t\t\t\t\n\t\t\t\t\n<article id=\"post-2670\" class=\"regular post-2670 post type-post status-publish format-standard category-espagnol tag-classe-virtuelle\">\n\n\t<div class=\"inner-wrap animated\">\n\n\t\t<div class=\"post-content\">\n\t\t\t\n\t\t\t\t\t\t\t\n\t\t\t\t\t\t\t\t\n\t\t\t\t\t\t\t\t\n\t\t\t\t\t\t\n\t\t\t\n\n\t\t\t \n\n\t\t\t\t\t <div class=\"article-content-wrap\">\n\t\t\t\t\t\t\n\t\t\t\t\t\t<div class=\"post-featured-img-wrap\"> \n\t\t\t\t\t\t\t\n\t\t\t\t\t\t\t\t\t\t\t\t\t\t\n\t\t\t\t\t\t<\/div>\n\t\t\t\t\t\t\n\t\t\t\t\t\t<div class=\"post-content-wrap\"> \n\t\t\t\t\t\t\t\n\t\t\t\t\t\t\t<a class=\"entire-meta-link\" href=\"http:\/\/college-albertmicheneau-villefagnan.fr\/index.php\/2021\/04\/05\/classe-virtuelle-espagnol\/\"><\/a>\n\t\t\t\t\t\t\t\n\t\t\t\t\t\t\t<span class=\"meta-category\"><a class=\"espagnol\" href=\"http:\/\/college-albertmicheneau-villefagnan.fr\/index.php\/category\/espagnol\/\">Espagnol<\/a><\/span>\t\t\t\t\t\t\n\t\t\t\t\t\t\t<div class=\"post-header\">\n\n\t\t\t\t\t\t\t\t<h3 class=\"title\">\n\t\t\t\t\t\t\t\t\t \n\t\t\t\t\t\t\t\t\t\t<a href=\"http:\/\/college-albertmicheneau-villefagnan.fr\/index.php\/2021\/04\/05\/classe-virtuelle-espagnol\/\">\t\t\t\t\t\t\t\t\t\t\tClasse virtuelle \u00ab\u00a0espagnol\u00a0\u00bb\t\t\t\t\t\t\t\t\t\t <\/a> \n\t\t\t\t\t\t\t\t\t\t\t\t\t\t\t\t\t<\/h3>\n\n\t\t\t\t\t\t\t\t\n\t\t\t\t\t\t\t<\/div><!--\/post-header-->\n\t\t\t\t\t\t\t\n\t\t\t\t\t\t\t<div class=\"excerpt\">Buenas, Pour acc\u00e9der \u00e0 la classe virtuelle espagnole, cliquez sur le pouce et patientez<\/div><div class=\"grav-wrap\"><a href=\"http:\/\/college-albertmicheneau-villefagnan.fr\/index.php\/author\/fmartin\/\"><\/a><div class=\"text\"><a href=\"http:\/\/college-albertmicheneau-villefagnan.fr\/index.php\/author\/fmartin\/\" rel=\"author\">Fabien Martin<\/a><span>5 avril 2021<\/span><\/div><\/div>\n\t\t\t\t\t<\/div><!--post-content-wrap-->\n\n\t\t\t\t\t<\/div><!--article-content-wrap-->\n\n\t\t\t\t\t\t\t\n\t\t<\/div><!--\/post-content-->\n\n\t<\/div><!--\/inner-wrap-->\n\t\t\n<\/article><!--\/article-->\n\t\t\t\t\t\t\t\n\t\t\t\t\n<article id=\"post-2076\" class=\"regular post-2076 post type-post status-publish format-standard has-post-thumbnail category-espagnol tag-hispanidad\">\n\n\t<div class=\"inner-wrap animated\">\n\n\t\t<div class=\"post-content\">\n\t\t\t\n\t\t\t\t\t\t\t\n\t\t\t\t\t\t\t\t\n\t\t\t\t\t\t\t\t\n\t\t\t\t\t\t\n\t\t\t\n\n\t\t\t \n\n\t\t\t\t\t <div class=\"article-content-wrap\">\n\t\t\t\t\t\t\n\t\t\t\t\t\t<div class=\"post-featured-img-wrap\"> \n\t\t\t\t\t\t\t\n\t\t\t\t\t\t\t<a href=\"http:\/\/college-albertmicheneau-villefagnan.fr\/index.php\/2020\/11\/10\/los-quintos-presentan-los-paises-hispanohablantes\/\"><span class=\"post-featured-img\" style=\"background-image: url(http:\/\/college-albertmicheneau-villefagnan.fr\/wp-content\/uploads\/2020\/11\/woman-246236_960_720-900x600.jpg);\"><\/span><\/a>\t\t\t\t\t\t\t\n\t\t\t\t\t\t<\/div>\n\t\t\t\t\t\t\n\t\t\t\t\t\t<div class=\"post-content-wrap\"> \n\t\t\t\t\t\t\t\n\t\t\t\t\t\t\t<a class=\"entire-meta-link\" href=\"http:\/\/college-albertmicheneau-villefagnan.fr\/index.php\/2020\/11\/10\/los-quintos-presentan-los-paises-hispanohablantes\/\"><\/a>\n\t\t\t\t\t\t\t\n\t\t\t\t\t\t\t<span class=\"meta-category\"><a class=\"espagnol\" href=\"http:\/\/college-albertmicheneau-villefagnan.fr\/index.php\/category\/espagnol\/\">Espagnol<\/a><\/span>\t\t\t\t\t\t\n\t\t\t\t\t\t\t<div class=\"post-header\">\n\n\t\t\t\t\t\t\t\t<h3 class=\"title\">\n\t\t\t\t\t\t\t\t\t \n\t\t\t\t\t\t\t\t\t\t<a href=\"http:\/\/college-albertmicheneau-villefagnan.fr\/index.php\/2020\/11\/10\/los-quintos-presentan-los-paises-hispanohablantes\/\">\t\t\t\t\t\t\t\t\t\t\tLos Quintos presentan los pa\u00edses hispanohablantes\t\t\t\t\t\t\t\t\t\t <\/a> \n\t\t\t\t\t\t\t\t\t\t\t\t\t\t\t\t\t<\/h3>\n\n\t\t\t\t\t\t\t\t\n\t\t\t\t\t\t\t<\/div><!--\/post-header-->\n\t\t\t\t\t\t\t\n\t\t\t\t\t\t\t<div class=\"excerpt\">Un travail r\u00e9alis\u00e9 par les \u00e9l\u00e8ves de 5\u00e8me \u00e0 l'occasion \"del d\u00eda de la Hispanidad\".\u2026<\/div><div class=\"grav-wrap\"><a href=\"http:\/\/college-albertmicheneau-villefagnan.fr\/index.php\/author\/fmartin\/\"><\/a><div class=\"text\"><a href=\"http:\/\/college-albertmicheneau-villefagnan.fr\/index.php\/author\/fmartin\/\" rel=\"author\">Fabien Martin<\/a><span>10 novembre 2020<\/span><\/div><\/div>\n\t\t\t\t\t<\/div><!--post-content-wrap-->\n\n\t\t\t\t\t<\/div><!--article-content-wrap-->\n\n\t\t\t\t\t\t\t\n\t\t<\/div><!--\/post-content-->\n\n\t<\/div><!--\/inner-wrap-->\n\t\t\n<\/article><!--\/article-->\n\t\t\t\t\t\t\t\n\t\t\t\t\n<article id=\"post-1239\" class=\"regular post-1239 post type-post status-publish format-standard category-espagnol category-vie-du-college\">\n\n\t<div class=\"inner-wrap animated\">\n\n\t\t<div class=\"post-content\">\n\t\t\t\n\t\t\t\t\t\t\t\n\t\t\t\t\t\t\t\t\n\t\t\t\t\t\t\t\t\n\t\t\t\t\t\t\n\t\t\t\n\n\t\t\t \n\n\t\t\t\t\t <div class=\"article-content-wrap\">\n\t\t\t\t\t\t\n\t\t\t\t\t\t<div class=\"post-featured-img-wrap\"> \n\t\t\t\t\t\t\t\n\t\t\t\t\t\t\t\t\t\t\t\t\t\t\n\t\t\t\t\t\t<\/div>\n\t\t\t\t\t\t\n\t\t\t\t\t\t<div class=\"post-content-wrap\"> \n\t\t\t\t\t\t\t\n\t\t\t\t\t\t\t<a class=\"entire-meta-link\" href=\"http:\/\/college-albertmicheneau-villefagnan.fr\/index.php\/2019\/04\/30\/petit-coucou-de-lespagne\/\"><\/a>\n\t\t\t\t\t\t\t\n\t\t\t\t\t\t\t<span class=\"meta-category\"><a class=\"espagnol\" href=\"http:\/\/college-albertmicheneau-villefagnan.fr\/index.php\/category\/espagnol\/\">Espagnol<\/a><a class=\"vie-du-college\" href=\"http:\/\/college-albertmicheneau-villefagnan.fr\/index.php\/category\/vie-du-college\/\">Vie du coll\u00e8ge<\/a><\/span>\t\t\t\t\t\t\n\t\t\t\t\t\t\t<div class=\"post-header\">\n\n\t\t\t\t\t\t\t\t<h3 class=\"title\">\n\t\t\t\t\t\t\t\t\t \n\t\t\t\t\t\t\t\t\t\t<a href=\"http:\/\/college-albertmicheneau-villefagnan.fr\/index.php\/2019\/04\/30\/petit-coucou-de-lespagne\/\">\t\t\t\t\t\t\t\t\t\t\tPetit coucou de l&rsquo;Espagne\t\t\t\t\t\t\t\t\t\t <\/a> \n\t\t\t\t\t\t\t\t\t\t\t\t\t\t\t\t\t<\/h3>\n\n\t\t\t\t\t\t\t\t\n\t\t\t\t\t\t\t<\/div><!--\/post-header-->\n\t\t\t\t\t\t\t\n\t\t\t\t\t\t\t<div class=\"excerpt\">21 \u00e9l\u00e8ves heureux de profiter de leur s\u00e9jour en Espagne Fabienne Petit<\/div><div class=\"grav-wrap\"><a href=\"http:\/\/college-albertmicheneau-villefagnan.fr\/index.php\/author\/vscolaire\/\"><\/a><div class=\"text\"><a href=\"http:\/\/college-albertmicheneau-villefagnan.fr\/index.php\/author\/vscolaire\/\" rel=\"author\">Vie Scolaire<\/a><span>30 avril 2019<\/span><\/div><\/div>\n\t\t\t\t\t<\/div><!--post-content-wrap-->\n\n\t\t\t\t\t<\/div><!--article-content-wrap-->\n\n\t\t\t\t\t\t\t\n\t\t<\/div><!--\/post-content-->\n\n\t<\/div><!--\/inner-wrap-->\n\t\t\n<\/article><!--\/article-->\n\t\t\t\t\t\t\n\t\t\t<\/div><!--\/posts container-->\n\t\t\t\n\t\t\t\t\t\n  <\/div><!--\/post area-->\n  \n  \t\t\n\t\t\t<div id=\"sidebar\" data-nectar-ss=\"\" class=\"col span_3 col_last\">\n\t\t\t<div id=\"search-2\" class=\"widget widget_search\"><form role=\"search\" method=\"get\" class=\"search-form\" action=\"http:\/\/college-albertmicheneau-villefagnan.fr\/\">\n\t<input type=\"text\" class=\"search-field\" placeholder=\"Search...\" value=\"\" name=\"s\" title=\"Search for:\" \/>\n\t<button type=\"submit\" class=\"search-widget-btn\"><span class=\"normal icon-salient-search\" aria-hidden=\"true\"><\/span><span class=\"text\">Search<\/span><\/button>\n<\/form><\/div>\n\t\t<div id=\"recent-posts-2\" class=\"widget widget_recent_entries\">\n\t\t<h4>Articles r\u00e9cents<\/h4>\n\t\t<ul>\n\t\t\t\t\t\t\t\t\t\t\t<li>\n\t\t\t\t\t<a href=\"http:\/\/college-albertmicheneau-villefagnan.fr\/index.php\/2026\/04\/22\/voyage-a-santander-2026\/\">Voyage \u00e0 Santander &#8211; 2026<\/a>\n\t\t\t\t\t\t\t\t\t<\/li>\n\t\t\t\t\t\t\t\t\t\t\t<li>\n\t\t\t\t\t<a href=\"http:\/\/college-albertmicheneau-villefagnan.fr\/index.php\/2026\/04\/03\/spelling-bee-contest-%f0%9f%90%9d%f0%9f%94%a4\/\">Spelling Bee Contest \ud83d\udc1d\ud83d\udd24<\/a>\n\t\t\t\t\t\t\t\t\t<\/li>\n\t\t\t\t\t\t\t\t\t\t\t<li>\n\t\t\t\t\t<a href=\"http:\/\/college-albertmicheneau-villefagnan.fr\/index.php\/2026\/01\/13\/voyage-a-st-lary-2026\/\">Voyage \u00e0 St Lary 2026<\/a>\n\t\t\t\t\t\t\t\t\t<\/li>\n\t\t\t\t\t\t\t\t\t\t\t<li>\n\t\t\t\t\t<a href=\"http:\/\/college-albertmicheneau-villefagnan.fr\/index.php\/2025\/08\/29\/rentree-2025\/\">Rentr\u00e9e 2025<\/a>\n\t\t\t\t\t\t\t\t\t<\/li>\n\t\t\t\t\t\t\t\t\t\t\t<li>\n\t\t\t\t\t<a href=\"http:\/\/college-albertmicheneau-villefagnan.fr\/index.php\/2025\/06\/24\/fete-de-fin-dannee-du-college\/\">F\u00eate de fin d&rsquo;ann\u00e9e du coll\u00e8ge<\/a>\n\t\t\t\t\t\t\t\t\t<\/li>\n\t\t\t\t\t<\/ul>\n\n\t\t<\/div><div id=\"recent-comments-2\" class=\"widget widget_recent_comments\"><h4>Commentaires r\u00e9cents<\/h4><ul id=\"recentcomments\"><\/ul><\/div><div id=\"archives-2\" class=\"widget widget_archive\"><h4>Archives<\/h4>\n\t\t\t<ul>\n\t\t\t\t\t<li><a href='http:\/\/college-albertmicheneau-villefagnan.fr\/index.php\/2026\/04\/'>avril 2026<\/a><\/li>\n\t<li><a href='http:\/\/college-albertmicheneau-villefagnan.fr\/index.php\/2026\/01\/'>janvier 2026<\/a><\/li>\n\t<li><a href='http:\/\/college-albertmicheneau-villefagnan.fr\/index.php\/2025\/08\/'>ao\u00fbt 2025<\/a><\/li>\n\t<li><a href='http:\/\/college-albertmicheneau-villefagnan.fr\/index.php\/2025\/06\/'>juin 2025<\/a><\/li>\n\t<li><a href='http:\/\/college-albertmicheneau-villefagnan.fr\/index.php\/2025\/05\/'>mai 2025<\/a><\/li>\n\t<li><a href='http:\/\/college-albertmicheneau-villefagnan.fr\/index.php\/2024\/12\/'>d\u00e9cembre 2024<\/a><\/li>\n\t<li><a href='http:\/\/college-albertmicheneau-villefagnan.fr\/index.php\/2024\/11\/'>novembre 2024<\/a><\/li>\n\t<li><a href='http:\/\/college-albertmicheneau-villefagnan.fr\/index.php\/2024\/09\/'>septembre 2024<\/a><\/li>\n\t<li><a href='http:\/\/college-albertmicheneau-villefagnan.fr\/index.php\/2024\/08\/'>ao\u00fbt 2024<\/a><\/li>\n\t<li><a href='http:\/\/college-albertmicheneau-villefagnan.fr\/index.php\/2024\/06\/'>juin 2024<\/a><\/li>\n\t<li><a href='http:\/\/college-albertmicheneau-villefagnan.fr\/index.php\/2024\/05\/'>mai 2024<\/a><\/li>\n\t<li><a href='http:\/\/college-albertmicheneau-villefagnan.fr\/index.php\/2024\/04\/'>avril 2024<\/a><\/li>\n\t<li><a href='http:\/\/college-albertmicheneau-villefagnan.fr\/index.php\/2024\/03\/'>mars 2024<\/a><\/li>\n\t<li><a href='http:\/\/college-albertmicheneau-villefagnan.fr\/index.php\/2024\/02\/'>f\u00e9vrier 2024<\/a><\/li>\n\t<li><a href='http:\/\/college-albertmicheneau-villefagnan.fr\/index.php\/2024\/01\/'>janvier 2024<\/a><\/li>\n\t<li><a href='http:\/\/college-albertmicheneau-villefagnan.fr\/index.php\/2023\/12\/'>d\u00e9cembre 2023<\/a><\/li>\n\t<li><a href='http:\/\/college-albertmicheneau-villefagnan.fr\/index.php\/2023\/11\/'>novembre 2023<\/a><\/li>\n\t<li><a href='http:\/\/college-albertmicheneau-villefagnan.fr\/index.php\/2023\/10\/'>octobre 2023<\/a><\/li>\n\t<li><a href='http:\/\/college-albertmicheneau-villefagnan.fr\/index.php\/2023\/09\/'>septembre 2023<\/a><\/li>\n\t<li><a href='http:\/\/college-albertmicheneau-villefagnan.fr\/index.php\/2023\/07\/'>juillet 2023<\/a><\/li>\n\t<li><a href='http:\/\/college-albertmicheneau-villefagnan.fr\/index.php\/2023\/06\/'>juin 2023<\/a><\/li>\n\t<li><a href='http:\/\/college-albertmicheneau-villefagnan.fr\/index.php\/2023\/05\/'>mai 2023<\/a><\/li>\n\t<li><a href='http:\/\/college-albertmicheneau-villefagnan.fr\/index.php\/2023\/04\/'>avril 2023<\/a><\/li>\n\t<li><a href='http:\/\/college-albertmicheneau-villefagnan.fr\/index.php\/2023\/03\/'>mars 2023<\/a><\/li>\n\t<li><a href='http:\/\/college-albertmicheneau-villefagnan.fr\/index.php\/2023\/02\/'>f\u00e9vrier 2023<\/a><\/li>\n\t<li><a href='http:\/\/college-albertmicheneau-villefagnan.fr\/index.php\/2023\/01\/'>janvier 2023<\/a><\/li>\n\t<li><a href='http:\/\/college-albertmicheneau-villefagnan.fr\/index.php\/2022\/12\/'>d\u00e9cembre 2022<\/a><\/li>\n\t<li><a href='http:\/\/college-albertmicheneau-villefagnan.fr\/index.php\/2022\/11\/'>novembre 2022<\/a><\/li>\n\t<li><a href='http:\/\/college-albertmicheneau-villefagnan.fr\/index.php\/2022\/10\/'>octobre 2022<\/a><\/li>\n\t<li><a href='http:\/\/college-albertmicheneau-villefagnan.fr\/index.php\/2022\/09\/'>septembre 2022<\/a><\/li>\n\t<li><a href='http:\/\/college-albertmicheneau-villefagnan.fr\/index.php\/2022\/06\/'>juin 2022<\/a><\/li>\n\t<li><a href='http:\/\/college-albertmicheneau-villefagnan.fr\/index.php\/2022\/05\/'>mai 2022<\/a><\/li>\n\t<li><a href='http:\/\/college-albertmicheneau-villefagnan.fr\/index.php\/2022\/04\/'>avril 2022<\/a><\/li>\n\t<li><a href='http:\/\/college-albertmicheneau-villefagnan.fr\/index.php\/2022\/03\/'>mars 2022<\/a><\/li>\n\t<li><a href='http:\/\/college-albertmicheneau-villefagnan.fr\/index.php\/2022\/01\/'>janvier 2022<\/a><\/li>\n\t<li><a href='http:\/\/college-albertmicheneau-villefagnan.fr\/index.php\/2021\/11\/'>novembre 2021<\/a><\/li>\n\t<li><a href='http:\/\/college-albertmicheneau-villefagnan.fr\/index.php\/2021\/10\/'>octobre 2021<\/a><\/li>\n\t<li><a href='http:\/\/college-albertmicheneau-villefagnan.fr\/index.php\/2021\/09\/'>septembre 2021<\/a><\/li>\n\t<li><a href='http:\/\/college-albertmicheneau-villefagnan.fr\/index.php\/2021\/08\/'>ao\u00fbt 2021<\/a><\/li>\n\t<li><a href='http:\/\/college-albertmicheneau-villefagnan.fr\/index.php\/2021\/07\/'>juillet 2021<\/a><\/li>\n\t<li><a href='http:\/\/college-albertmicheneau-villefagnan.fr\/index.php\/2021\/06\/'>juin 2021<\/a><\/li>\n\t<li><a href='http:\/\/college-albertmicheneau-villefagnan.fr\/index.php\/2021\/05\/'>mai 2021<\/a><\/li>\n\t<li><a href='http:\/\/college-albertmicheneau-villefagnan.fr\/index.php\/2021\/04\/'>avril 2021<\/a><\/li>\n\t<li><a href='http:\/\/college-albertmicheneau-villefagnan.fr\/index.php\/2021\/03\/'>mars 2021<\/a><\/li>\n\t<li><a href='http:\/\/college-albertmicheneau-villefagnan.fr\/index.php\/2021\/02\/'>f\u00e9vrier 2021<\/a><\/li>\n\t<li><a href='http:\/\/college-albertmicheneau-villefagnan.fr\/index.php\/2021\/01\/'>janvier 2021<\/a><\/li>\n\t<li><a href='http:\/\/college-albertmicheneau-villefagnan.fr\/index.php\/2020\/12\/'>d\u00e9cembre 2020<\/a><\/li>\n\t<li><a href='http:\/\/college-albertmicheneau-villefagnan.fr\/index.php\/2020\/11\/'>novembre 2020<\/a><\/li>\n\t<li><a href='http:\/\/college-albertmicheneau-villefagnan.fr\/index.php\/2020\/10\/'>octobre 2020<\/a><\/li>\n\t<li><a href='http:\/\/college-albertmicheneau-villefagnan.fr\/index.php\/2020\/09\/'>septembre 2020<\/a><\/li>\n\t<li><a href='http:\/\/college-albertmicheneau-villefagnan.fr\/index.php\/2020\/08\/'>ao\u00fbt 2020<\/a><\/li>\n\t<li><a href='http:\/\/college-albertmicheneau-villefagnan.fr\/index.php\/2020\/06\/'>juin 2020<\/a><\/li>\n\t<li><a href='http:\/\/college-albertmicheneau-villefagnan.fr\/index.php\/2020\/05\/'>mai 2020<\/a><\/li>\n\t<li><a href='http:\/\/college-albertmicheneau-villefagnan.fr\/index.php\/2020\/04\/'>avril 2020<\/a><\/li>\n\t<li><a href='http:\/\/college-albertmicheneau-villefagnan.fr\/index.php\/2020\/03\/'>mars 2020<\/a><\/li>\n\t<li><a href='http:\/\/college-albertmicheneau-villefagnan.fr\/index.php\/2020\/02\/'>f\u00e9vrier 2020<\/a><\/li>\n\t<li><a href='http:\/\/college-albertmicheneau-villefagnan.fr\/index.php\/2020\/01\/'>janvier 2020<\/a><\/li>\n\t<li><a href='http:\/\/college-albertmicheneau-villefagnan.fr\/index.php\/2019\/12\/'>d\u00e9cembre 2019<\/a><\/li>\n\t<li><a href='http:\/\/college-albertmicheneau-villefagnan.fr\/index.php\/2019\/11\/'>novembre 2019<\/a><\/li>\n\t<li><a href='http:\/\/college-albertmicheneau-villefagnan.fr\/index.php\/2019\/10\/'>octobre 2019<\/a><\/li>\n\t<li><a href='http:\/\/college-albertmicheneau-villefagnan.fr\/index.php\/2019\/09\/'>septembre 2019<\/a><\/li>\n\t<li><a href='http:\/\/college-albertmicheneau-villefagnan.fr\/index.php\/2019\/08\/'>ao\u00fbt 2019<\/a><\/li>\n\t<li><a href='http:\/\/college-albertmicheneau-villefagnan.fr\/index.php\/2019\/06\/'>juin 2019<\/a><\/li>\n\t<li><a href='http:\/\/college-albertmicheneau-villefagnan.fr\/index.php\/2019\/05\/'>mai 2019<\/a><\/li>\n\t<li><a href='http:\/\/college-albertmicheneau-villefagnan.fr\/index.php\/2019\/04\/'>avril 2019<\/a><\/li>\n\t<li><a href='http:\/\/college-albertmicheneau-villefagnan.fr\/index.php\/2019\/03\/'>mars 2019<\/a><\/li>\n\t<li><a href='http:\/\/college-albertmicheneau-villefagnan.fr\/index.php\/2019\/02\/'>f\u00e9vrier 2019<\/a><\/li>\n\t<li><a href='http:\/\/college-albertmicheneau-villefagnan.fr\/index.php\/2019\/01\/'>janvier 2019<\/a><\/li>\n\t<li><a href='http:\/\/college-albertmicheneau-villefagnan.fr\/index.php\/2018\/12\/'>d\u00e9cembre 2018<\/a><\/li>\n\t<li><a href='http:\/\/college-albertmicheneau-villefagnan.fr\/index.php\/2018\/11\/'>novembre 2018<\/a><\/li>\n\t\t\t<\/ul>\n\n\t\t\t<\/div><div id=\"categories-2\" class=\"widget widget_categories\"><h4>Cat\u00e9gories<\/h4>\n\t\t\t<ul>\n\t\t\t\t\t<li class=\"cat-item cat-item-22\"><a href=\"http:\/\/college-albertmicheneau-villefagnan.fr\/index.php\/category\/administration\/\">administration<\/a>\n<\/li>\n\t<li class=\"cat-item cat-item-14\"><a href=\"http:\/\/college-albertmicheneau-villefagnan.fr\/index.php\/category\/anglais\/\">Anglais<\/a>\n<\/li>\n\t<li class=\"cat-item cat-item-16\"><a href=\"http:\/\/college-albertmicheneau-villefagnan.fr\/index.php\/category\/arts-plastiques\/\">Arts plastiques<\/a>\n<\/li>\n\t<li class=\"cat-item cat-item-7\"><a href=\"http:\/\/college-albertmicheneau-villefagnan.fr\/index.php\/category\/cdi\/\">CDI<\/a>\n<\/li>\n\t<li class=\"cat-item cat-item-52\"><a href=\"http:\/\/college-albertmicheneau-villefagnan.fr\/index.php\/category\/vie-du-college\/club-manga\/\">Club manga<\/a>\n<\/li>\n\t<li class=\"cat-item cat-item-9\"><a href=\"http:\/\/college-albertmicheneau-villefagnan.fr\/index.php\/category\/ecocitoyen\/\">Ecocitoyen du Monde<\/a>\n<\/li>\n\t<li class=\"cat-item cat-item-17\"><a href=\"http:\/\/college-albertmicheneau-villefagnan.fr\/index.php\/category\/education-musicale\/\">Education musicale<\/a>\n<\/li>\n\t<li class=\"cat-item cat-item-18\"><a href=\"http:\/\/college-albertmicheneau-villefagnan.fr\/index.php\/category\/education-physique-et-sportive\/\">Education Physique et Sportive<\/a>\n<\/li>\n\t<li class=\"cat-item cat-item-13 current-cat\"><a aria-current=\"page\" href=\"http:\/\/college-albertmicheneau-villefagnan.fr\/index.php\/category\/espagnol\/\">Espagnol<\/a>\n<\/li>\n\t<li class=\"cat-item cat-item-11\"><a href=\"http:\/\/college-albertmicheneau-villefagnan.fr\/index.php\/category\/francais\/\">Fran\u00e7ais<\/a>\n<\/li>\n\t<li class=\"cat-item cat-item-15\"><a href=\"http:\/\/college-albertmicheneau-villefagnan.fr\/index.php\/category\/histoire-geographie\/\">Histoire-G\u00e9ographie<\/a>\n<\/li>\n\t<li class=\"cat-item cat-item-39\"><a href=\"http:\/\/college-albertmicheneau-villefagnan.fr\/index.php\/category\/informations-coronavirus\/\">Informations Coronavirus<\/a>\n<\/li>\n\t<li class=\"cat-item cat-item-42\"><a href=\"http:\/\/college-albertmicheneau-villefagnan.fr\/index.php\/category\/ecocitoyen\/jardin-potager\/\">Jardin potager<\/a>\n<\/li>\n\t<li class=\"cat-item cat-item-12\"><a href=\"http:\/\/college-albertmicheneau-villefagnan.fr\/index.php\/category\/latin\/\">Latin<\/a>\n<\/li>\n\t<li class=\"cat-item cat-item-8\"><a href=\"http:\/\/college-albertmicheneau-villefagnan.fr\/index.php\/category\/mathematiques\/\">Math\u00e9matiques<\/a>\n<\/li>\n\t<li class=\"cat-item cat-item-4\"><a href=\"http:\/\/college-albertmicheneau-villefagnan.fr\/index.php\/category\/menus\/\">Menus<\/a>\n<\/li>\n\t<li class=\"cat-item cat-item-1\"><a href=\"http:\/\/college-albertmicheneau-villefagnan.fr\/index.php\/category\/non-classe\/\">Non class\u00e9<\/a>\n<\/li>\n\t<li class=\"cat-item cat-item-43\"><a href=\"http:\/\/college-albertmicheneau-villefagnan.fr\/index.php\/category\/ecocitoyen\/releve-gaspillage-alimentaire\/\">Relev\u00e9 gaspillage alimentaire<\/a>\n<\/li>\n\t<li class=\"cat-item cat-item-10\"><a href=\"http:\/\/college-albertmicheneau-villefagnan.fr\/index.php\/category\/ecocitoyen\/meteo\/\">Relev\u00e9s m\u00e9t\u00e9orologiques<\/a>\n<\/li>\n\t<li class=\"cat-item cat-item-19\"><a href=\"http:\/\/college-albertmicheneau-villefagnan.fr\/index.php\/category\/sciences-de-la-vie-et-de-la-terre\/\">Sciences de la Vie et de la Terre<\/a>\n<\/li>\n\t<li class=\"cat-item cat-item-40\"><a href=\"http:\/\/college-albertmicheneau-villefagnan.fr\/index.php\/category\/service-orientation-medico-social\/\">Service orientation-m\u00e9dico-social<\/a>\n<\/li>\n\t<li class=\"cat-item cat-item-56\"><a href=\"http:\/\/college-albertmicheneau-villefagnan.fr\/index.php\/category\/sorties-scolaires\/\">Sorties scolaires<\/a>\n<\/li>\n\t<li class=\"cat-item cat-item-47\"><a href=\"http:\/\/college-albertmicheneau-villefagnan.fr\/index.php\/category\/le-numerique-au-college\/teleservices\/\">T\u00e9l\u00e9services<\/a>\n<\/li>\n\t<li class=\"cat-item cat-item-3\"><a href=\"http:\/\/college-albertmicheneau-villefagnan.fr\/index.php\/category\/vie-du-college\/unss\/\">UNSS<\/a>\n<\/li>\n\t<li class=\"cat-item cat-item-5\"><a href=\"http:\/\/college-albertmicheneau-villefagnan.fr\/index.php\/category\/vie-du-college\/\">Vie du coll\u00e8ge<\/a>\n<\/li>\n\t\t\t<\/ul>\n\n\t\t\t<\/div><div id=\"meta-2\" class=\"widget widget_meta\"><h4>M\u00e9ta<\/h4>\n\t\t<ul>\n\t\t\t\t\t\t<li><a href=\"http:\/\/college-albertmicheneau-villefagnan.fr\/wp-login.php\">Connexion<\/a><\/li>\n\t\t\t<li><a href=\"http:\/\/college-albertmicheneau-villefagnan.fr\/index.php\/feed\/\">Flux des publications<\/a><\/li>\n\t\t\t<li><a href=\"http:\/\/college-albertmicheneau-villefagnan.fr\/index.php\/comments\/feed\/\">Flux des commentaires<\/a><\/li>\n\n\t\t\t<li><a href=\"https:\/\/fr.wordpress.org\/\">Site de WordPress-FR<\/a><\/li>\n\t\t<\/ul>\n\n\t\t<\/div>\t\t<\/div><!--\/span_3-->\n   \n\t<\/div>\n\t\n\t[\/vc_column][\/vc_row]\n","protected":false},"excerpt":{"rendered":"<p>[vc_row type=\u00a0\u00bbin_container\u00a0\u00bb full_screen_row_position=\u00a0\u00bbmiddle\u00a0\u00bb scene_position=\u00a0\u00bbcenter\u00a0\u00bb text_color=\u00a0\u00bbdark\u00a0\u00bb text_align=\u00a0\u00bbleft\u00a0\u00bb overlay_strength=\u00a0\u00bb0.3&Prime; shape_divider_position=\u00a0\u00bbbottom\u00a0\u00bb][vc_column column_padding=\u00a0\u00bbno-extra-padding\u00a0\u00bb column_padding_position=\u00a0\u00bball\u00a0\u00bb background_color_opacity=\u00a0\u00bb1&Prime; background_hover_color_opacity=\u00a0\u00bb1&Prime; column_link_target=\u00a0\u00bb_self\u00a0\u00bb column_shadow=\u00a0\u00bbnone\u00a0\u00bb column_border_radius=\u00a0\u00bbnone\u00a0\u00bb width=\u00a0\u00bb1\/1&Prime; tablet_width_inherit=\u00a0\u00bbdefault\u00a0\u00bb tablet_text_alignment=\u00a0\u00bbdefault\u00a0\u00bb phone_text_alignment=\u00a0\u00bbdefault\u00a0\u00bb column_border_width=\u00a0\u00bbnone\u00a0\u00bb column_border_style=\u00a0\u00bbsolid\u00a0\u00bb][\/vc_column][\/vc_row]<\/p>\n","protected":false},"author":8,"featured_media":0,"parent":0,"menu_order":0,"comment_status":"closed","ping_status":"closed","template":"","meta":{"footnotes":""},"class_list":["post-2248","page","type-page","status-publish"],"_links":{"self":[{"href":"http:\/\/college-albertmicheneau-villefagnan.fr\/index.php\/wp-json\/wp\/v2\/pages\/2248","targetHints":{"allow":["GET"]}}],"collection":[{"href":"http:\/\/college-albertmicheneau-villefagnan.fr\/index.php\/wp-json\/wp\/v2\/pages"}],"about":[{"href":"http:\/\/college-albertmicheneau-villefagnan.fr\/index.php\/wp-json\/wp\/v2\/types\/page"}],"author":[{"embeddable":true,"href":"http:\/\/college-albertmicheneau-villefagnan.fr\/index.php\/wp-json\/wp\/v2\/users\/8"}],"replies":[{"embeddable":true,"href":"http:\/\/college-albertmicheneau-villefagnan.fr\/index.php\/wp-json\/wp\/v2\/comments?post=2248"}],"version-history":[{"count":0,"href":"http:\/\/college-albertmicheneau-villefagnan.fr\/index.php\/wp-json\/wp\/v2\/pages\/2248\/revisions"}],"wp:attachment":[{"href":"http:\/\/college-albertmicheneau-villefagnan.fr\/index.php\/wp-json\/wp\/v2\/media?parent=2248"}],"curies":[{"name":"wp","href":"https:\/\/api.w.org\/{rel}","templated":true}]}}