{"id":116,"date":"2018-12-11T15:31:04","date_gmt":"2018-12-11T14:31:04","guid":{"rendered":"http:\/\/college-albertmicheneau-villefagnan.fr\/?page_id=116"},"modified":"2024-11-18T14:32:36","modified_gmt":"2024-11-18T13:32:36","slug":"le-personnel","status":"publish","type":"page","link":"https:\/\/college-albertmicheneau-villefagnan.fr\/index.php\/le-college\/le-personnel\/","title":{"rendered":"Le personnel"},"content":{"rendered":"[vc_row type=\u00a0\u00bbin_container\u00a0\u00bb full_screen_row_position=\u00a0\u00bbmiddle\u00a0\u00bb scene_position=\u00a0\u00bbcenter\u00a0\u00bb text_color=\u00a0\u00bbdark\u00a0\u00bb text_align=\u00a0\u00bbleft\u00a0\u00bb overlay_strength=\u00a0\u00bb0.3&Prime; shape_divider_position=\u00a0\u00bbbottom\u00a0\u00bb][vc_column centered_text=\u00a0\u00bbtrue\u00a0\u00bb column_padding=\u00a0\u00bbno-extra-padding\u00a0\u00bb column_padding_position=\u00a0\u00bball\u00a0\u00bb background_color_opacity=\u00a0\u00bb1&Prime; background_hover_color_opacity=\u00a0\u00bb1&Prime; column_link_target=\u00a0\u00bb_self\u00a0\u00bb column_shadow=\u00a0\u00bbnone\u00a0\u00bb column_border_radius=\u00a0\u00bbnone\u00a0\u00bb top_margin=\u00a0\u00bb-3%\u00a0\u00bb width=\u00a0\u00bb1\/1&Prime; tablet_width_inherit=\u00a0\u00bbdefault\u00a0\u00bb tablet_text_alignment=\u00a0\u00bbdefault\u00a0\u00bb phone_text_alignment=\u00a0\u00bbdefault\u00a0\u00bb column_border_width=\u00a0\u00bbnone\u00a0\u00bb column_border_style=\u00a0\u00bbsolid\u00a0\u00bb][nectar_btn size=\u00a0\u00bbsmall\u00a0\u00bb open_new_tab=\u00a0\u00bbtrue\u00a0\u00bb button_style=\u00a0\u00bbregular\u00a0\u00bb button_color_2=\u00a0\u00bbAccent-Color\u00a0\u00bb icon_family=\u00a0\u00bbfontawesome\u00a0\u00bb url=\u00a0\u00bbhttps:\/\/ent16.lacharente.fr\/\u00a0\u00bb text=\u00a0\u00bbConnexion ENT\u00a0\u00bb css_animation=\u00a0\u00bbflipInY\u00a0\u00bb icon_fontawesome=\u00a0\u00bbfa fa-globe\u00a0\u00bb][\/vc_column][\/vc_row][vc_row type=\u00a0\u00bbin_container\u00a0\u00bb full_screen_row_position=\u00a0\u00bbmiddle\u00a0\u00bb scene_position=\u00a0\u00bbcenter\u00a0\u00bb text_color=\u00a0\u00bbdark\u00a0\u00bb text_align=\u00a0\u00bbleft\u00a0\u00bb disable_element=\u00a0\u00bbyes\u00a0\u00bb overlay_strength=\u00a0\u00bb0.3&Prime; shape_divider_position=\u00a0\u00bbbottom\u00a0\u00bb shape_type=\u00a0\u00bb\u00a0\u00bb][vc_column column_padding=\u00a0\u00bbno-extra-padding\u00a0\u00bb column_padding_position=\u00a0\u00bball\u00a0\u00bb background_color_opacity=\u00a0\u00bb1&Prime; background_hover_color_opacity=\u00a0\u00bb1&Prime; column_link_target=\u00a0\u00bb_self\u00a0\u00bb column_shadow=\u00a0\u00bbnone\u00a0\u00bb column_border_radius=\u00a0\u00bbnone\u00a0\u00bb width=\u00a0\u00bb1\/1&Prime; tablet_width_inherit=\u00a0\u00bbdefault\u00a0\u00bb tablet_text_alignment=\u00a0\u00bbdefault\u00a0\u00bb phone_text_alignment=\u00a0\u00bbdefault\u00a0\u00bb column_border_width=\u00a0\u00bbnone\u00a0\u00bb column_border_style=\u00a0\u00bbsolid\u00a0\u00bb][vc_row_inner column_margin=\u00a0\u00bbdefault\u00a0\u00bb text_align=\u00a0\u00bbleft\u00a0\u00bb][vc_column_inner column_padding=\u00a0\u00bbno-extra-padding\u00a0\u00bb column_padding_position=\u00a0\u00bball\u00a0\u00bb background_color_opacity=\u00a0\u00bb1&Prime; background_hover_color_opacity=\u00a0\u00bb1&Prime; column_shadow=\u00a0\u00bbnone\u00a0\u00bb column_border_radius=\u00a0\u00bbnone\u00a0\u00bb column_link_target=\u00a0\u00bb_self\u00a0\u00bb width=\u00a0\u00bb1\/4&Prime; tablet_width_inherit=\u00a0\u00bbdefault\u00a0\u00bb column_border_width=\u00a0\u00bbnone\u00a0\u00bb column_border_style=\u00a0\u00bbsolid\u00a0\u00bb][fancy_box box_style=\u00a0\u00bbparallax_hover\u00a0\u00bb icon_family=\u00a0\u00bbiconsmind\u00a0\u00bb image_url=\u00a0\u00bb74&Prime; color_scheme=\u00a0\u00bbdark\u00a0\u00bb secondary_content=\u00a0\u00bbhere&rsquo;s some awesome text that would only be shown on hover\u00a0\u00bb icon_iconsmind=\u00a0\u00bbiconsmind-The-WhiteHouse\u00a0\u00bb min_height=\u00a0\u00bb400&Prime; link_url=\u00a0\u00bbhttp:\/\/college-albertmicheneau-villefagnan.fr\/index.php\/le-college\/\u00a0\u00bb]\n<h2>Les installations<\/h2>\n<h5>Un environnement de travail confortable<\/h5>\n[\/fancy_box][\/vc_column_inner][vc_column_inner column_padding=\u00a0\u00bbno-extra-padding\u00a0\u00bb column_padding_position=\u00a0\u00bball\u00a0\u00bb background_color_opacity=\u00a0\u00bb1&Prime; background_hover_color_opacity=\u00a0\u00bb1&Prime; column_shadow=\u00a0\u00bbnone\u00a0\u00bb column_border_radius=\u00a0\u00bbnone\u00a0\u00bb column_link_target=\u00a0\u00bb_self\u00a0\u00bb width=\u00a0\u00bb1\/4&Prime; tablet_width_inherit=\u00a0\u00bbdefault\u00a0\u00bb column_border_width=\u00a0\u00bbnone\u00a0\u00bb column_border_style=\u00a0\u00bbsolid\u00a0\u00bb][fancy_box box_style=\u00a0\u00bbparallax_hover\u00a0\u00bb icon_family=\u00a0\u00bbiconsmind\u00a0\u00bb image_url=\u00a0\u00bb113&Prime; color_scheme=\u00a0\u00bbdark\u00a0\u00bb secondary_content=\u00a0\u00bb\u00a0\u00bb icon_iconsmind=\u00a0\u00bbiconsmind-Teacher\u00a0\u00bb min_height=\u00a0\u00bb400&Prime; link_url=\u00a0\u00bb#\u00a0\u00bb]\n<h2>Le personnel<\/h2>\n<h5>Une \u00e9quipe d\u00e9vou\u00e9e au d\u00e9veloppement des coll\u00e9giens<\/h5>\n[\/fancy_box][\/vc_column_inner][vc_column_inner column_padding=\u00a0\u00bbno-extra-padding\u00a0\u00bb column_padding_position=\u00a0\u00bball\u00a0\u00bb background_color_opacity=\u00a0\u00bb1&Prime; background_hover_color_opacity=\u00a0\u00bb1&Prime; column_shadow=\u00a0\u00bbnone\u00a0\u00bb column_border_radius=\u00a0\u00bbnone\u00a0\u00bb column_link_target=\u00a0\u00bb_self\u00a0\u00bb width=\u00a0\u00bb1\/4&Prime; tablet_width_inherit=\u00a0\u00bbdefault\u00a0\u00bb column_border_width=\u00a0\u00bbnone\u00a0\u00bb column_border_style=\u00a0\u00bbsolid\u00a0\u00bb][fancy_box box_style=\u00a0\u00bbparallax_hover\u00a0\u00bb icon_family=\u00a0\u00bbiconsmind\u00a0\u00bb image_url=\u00a0\u00bb169&Prime; color_scheme=\u00a0\u00bbdark\u00a0\u00bb secondary_content=\u00a0\u00bbhere&rsquo;s some awesome text that would only be shown on hover\u00a0\u00bb link_url=\u00a0\u00bbhttp:\/\/college-albertmicheneau-villefagnan.fr\/index.php\/le-college\/les-ateliers\/\u00a0\u00bb icon_iconsmind=\u00a0\u00bbiconsmind-Gear-2&Prime; min_height=\u00a0\u00bb400&Prime;]\n<h2>Les ateliers<\/h2>\n<h5>Des activit\u00e9s pour tous<\/h5>\n[\/fancy_box][\/vc_column_inner][vc_column_inner column_padding=\u00a0\u00bbno-extra-padding\u00a0\u00bb column_padding_position=\u00a0\u00bball\u00a0\u00bb background_color_opacity=\u00a0\u00bb1&Prime; background_hover_color_opacity=\u00a0\u00bb1&Prime; column_shadow=\u00a0\u00bbnone\u00a0\u00bb column_border_radius=\u00a0\u00bbnone\u00a0\u00bb column_link_target=\u00a0\u00bb_self\u00a0\u00bb width=\u00a0\u00bb1\/4&Prime; tablet_width_inherit=\u00a0\u00bbdefault\u00a0\u00bb column_border_width=\u00a0\u00bbnone\u00a0\u00bb column_border_style=\u00a0\u00bbsolid\u00a0\u00bb][fancy_box box_style=\u00a0\u00bbparallax_hover\u00a0\u00bb icon_family=\u00a0\u00bbiconsmind\u00a0\u00bb image_url=\u00a0\u00bb167&Prime; color_scheme=\u00a0\u00bbdark\u00a0\u00bb secondary_content=\u00a0\u00bbhere&rsquo;s some awesome text that would only be shown on hover\u00a0\u00bb link_url=\u00a0\u00bbhttp:\/\/college-albertmicheneau-villefagnan.fr\/index.php\/le-college\/l-unss\/\u00a0\u00bb icon_iconsmind=\u00a0\u00bbiconsmind-Sport-Mode\u00a0\u00bb min_height=\u00a0\u00bb400&Prime;]\n<h2>L&rsquo;UNSS<\/h2>\n<h5>Le sport en milieu scolaire<\/h5>\n[\/fancy_box][\/vc_column_inner][\/vc_row_inner][\/vc_column][\/vc_row][vc_row type=\u00a0\u00bbfull_width_background\u00a0\u00bb full_screen_row_position=\u00a0\u00bbmiddle\u00a0\u00bb scene_position=\u00a0\u00bbcenter\u00a0\u00bb text_color=\u00a0\u00bbdark\u00a0\u00bb text_align=\u00a0\u00bbleft\u00a0\u00bb overlay_strength=\u00a0\u00bb0.3&Prime; shape_divider_position=\u00a0\u00bbbottom\u00a0\u00bb shape_type=\u00a0\u00bb\u00a0\u00bb][vc_column column_padding=\u00a0\u00bbno-extra-padding\u00a0\u00bb column_padding_position=\u00a0\u00bball\u00a0\u00bb background_color_opacity=\u00a0\u00bb1&Prime; background_hover_color_opacity=\u00a0\u00bb1&Prime; column_link_target=\u00a0\u00bb_self\u00a0\u00bb column_shadow=\u00a0\u00bbnone\u00a0\u00bb column_border_radius=\u00a0\u00bbnone\u00a0\u00bb bottom_margin=\u00a0\u00bb-6%\u00a0\u00bb width=\u00a0\u00bb1\/1&Prime; tablet_width_inherit=\u00a0\u00bbdefault\u00a0\u00bb tablet_text_alignment=\u00a0\u00bbdefault\u00a0\u00bb phone_text_alignment=\u00a0\u00bbdefault\u00a0\u00bb column_border_width=\u00a0\u00bbnone\u00a0\u00bb column_border_style=\u00a0\u00bbsolid\u00a0\u00bb][vc_row_inner content_placement=\u00a0\u00bbmiddle\u00a0\u00bb column_margin=\u00a0\u00bbdefault\u00a0\u00bb text_align=\u00a0\u00bbleft\u00a0\u00bb el_id=\u00a0\u00bbteam\u00a0\u00bb][vc_column_inner column_padding=\u00a0\u00bbno-extra-padding\u00a0\u00bb column_padding_position=\u00a0\u00bball\u00a0\u00bb centered_text=\u00a0\u00bbtrue\u00a0\u00bb background_color_opacity=\u00a0\u00bb1&Prime; background_hover_color_opacity=\u00a0\u00bb1&Prime; column_shadow=\u00a0\u00bbnone\u00a0\u00bb column_border_radius=\u00a0\u00bbnone\u00a0\u00bb column_link_target=\u00a0\u00bb_self\u00a0\u00bb width=\u00a0\u00bb1\/1&Prime; tablet_width_inherit=\u00a0\u00bbdefault\u00a0\u00bb column_border_width=\u00a0\u00bbnone\u00a0\u00bb column_border_style=\u00a0\u00bbsolid\u00a0\u00bb][vc_text_separator title=\u00a0\u00bbLe personnel administratif\u00a0\u00bb i_icon_fontawesome=\u00a0\u00bbfa fa-pencil\u00a0\u00bb add_icon=\u00a0\u00bbtrue\u00a0\u00bb][split_line_heading]<strong>M. Ernesto DE QUEIROS-MACEDO<\/strong> : principal<strong><br \/>\n<\/strong><\/p>\n<p><strong>Mme Erika CASTAING <\/strong>: principale adjointe<\/p>\n<p><strong>Mme V\u00e9ronique ROUVREAU <\/strong>: gestionnaire<\/p>\n<p><strong>Mme Myl\u00e8ne LINASSIER <\/strong>: secr\u00e9taire[\/split_line_heading][\/vc_column_inner][\/vc_row_inner][vc_row_inner content_placement=\u00a0\u00bbmiddle\u00a0\u00bb column_margin=\u00a0\u00bbdefault\u00a0\u00bb text_align=\u00a0\u00bbleft\u00a0\u00bb][vc_column_inner column_padding=\u00a0\u00bbpadding-8-percent\u00a0\u00bb column_padding_position=\u00a0\u00bball\u00a0\u00bb centered_text=\u00a0\u00bbtrue\u00a0\u00bb background_color_opacity=\u00a0\u00bb1&Prime; background_hover_color_opacity=\u00a0\u00bb1&Prime; column_shadow=\u00a0\u00bbnone\u00a0\u00bb column_border_radius=\u00a0\u00bbnone\u00a0\u00bb column_link_target=\u00a0\u00bb_self\u00a0\u00bb width=\u00a0\u00bb1\/1&Prime; tablet_width_inherit=\u00a0\u00bbdefault\u00a0\u00bb column_border_width=\u00a0\u00bbnone\u00a0\u00bb column_border_style=\u00a0\u00bbsolid\u00a0\u00bb][vc_text_separator title=\u00a0\u00bbLe personnel enseignant\u00a0\u00bb i_icon_fontawesome=\u00a0\u00bbfa fa-briefcase\u00a0\u00bb add_icon=\u00a0\u00bbtrue\u00a0\u00bb][\/vc_column_inner][\/vc_row_inner][vc_row_inner content_placement=\u00a0\u00bbmiddle\u00a0\u00bb column_margin=\u00a0\u00bbdefault\u00a0\u00bb text_align=\u00a0\u00bbleft\u00a0\u00bb][vc_column_inner column_padding=\u00a0\u00bbno-extra-padding\u00a0\u00bb column_padding_position=\u00a0\u00bball\u00a0\u00bb centered_text=\u00a0\u00bbtrue\u00a0\u00bb background_color_opacity=\u00a0\u00bb1&Prime; background_hover_color_opacity=\u00a0\u00bb1&Prime; column_shadow=\u00a0\u00bbnone\u00a0\u00bb column_border_radius=\u00a0\u00bbnone\u00a0\u00bb column_link_target=\u00a0\u00bb_self\u00a0\u00bb width=\u00a0\u00bb1\/2&Prime; tablet_width_inherit=\u00a0\u00bbdefault\u00a0\u00bb column_border_width=\u00a0\u00bbnone\u00a0\u00bb column_border_style=\u00a0\u00bbsolid\u00a0\u00bb][split_line_heading]<strong>M. AADLOUNE<\/strong> : Math\u00e9matiques<\/p>\n<p><strong>Mme ARVIS<\/strong> : Documentaliste<\/p>\n<p><strong>M. CATTACIN<\/strong> : Sciences Physiques<\/p>\n<p><strong>M. CHARNEAU<\/strong> : Math\u00e9matiques<\/p>\n<p><strong>M. COSSON<\/strong> : Sciences de la Vie et de la Terre<\/p>\n<p><strong>M. DELAYRAT<\/strong> : E.P.S<\/p>\n<p><strong>Mme DORAT<\/strong> : Arts plastiques<\/p>\n<p><strong>Mme DOUENCE<\/strong> : Education musicale[\/split_line_heading][\/vc_column_inner][vc_column_inner column_padding=\u00a0\u00bbno-extra-padding\u00a0\u00bb column_padding_position=\u00a0\u00bball\u00a0\u00bb centered_text=\u00a0\u00bbtrue\u00a0\u00bb background_color_opacity=\u00a0\u00bb1&Prime; background_hover_color_opacity=\u00a0\u00bb1&Prime; column_shadow=\u00a0\u00bbnone\u00a0\u00bb column_border_radius=\u00a0\u00bbnone\u00a0\u00bb column_link_target=\u00a0\u00bb_self\u00a0\u00bb width=\u00a0\u00bb1\/2&Prime; tablet_width_inherit=\u00a0\u00bbdefault\u00a0\u00bb column_border_width=\u00a0\u00bbnone\u00a0\u00bb column_border_style=\u00a0\u00bbsolid\u00a0\u00bb][split_line_heading]<strong>Mme GABARRON<\/strong> : Espagnol<strong><br \/>\n<\/strong><\/p>\n<p><strong>M. GASSELING<\/strong> : Lettres modernes<\/p>\n<p><strong>Mme GOSSET<\/strong> : Technologie<\/p>\n<p><strong>Mme GUIGNARD<\/strong> : Anglais<\/p>\n<p><strong>M. TARRASSON<\/strong> : Lettres modernes<\/p>\n<p><strong>M. VERDOT<\/strong> : Histoire G\u00e9ographie Enseignement Moral et Civique[\/split_line_heading][\/vc_column_inner][\/vc_row_inner][vc_row_inner content_placement=\u00a0\u00bbmiddle\u00a0\u00bb column_margin=\u00a0\u00bbdefault\u00a0\u00bb text_align=\u00a0\u00bbleft\u00a0\u00bb][vc_column_inner column_padding=\u00a0\u00bbpadding-8-percent\u00a0\u00bb column_padding_position=\u00a0\u00bball\u00a0\u00bb centered_text=\u00a0\u00bbtrue\u00a0\u00bb background_color_opacity=\u00a0\u00bb1&Prime; background_hover_color_opacity=\u00a0\u00bb1&Prime; column_shadow=\u00a0\u00bbnone\u00a0\u00bb column_border_radius=\u00a0\u00bbnone\u00a0\u00bb column_link_target=\u00a0\u00bb_self\u00a0\u00bb width=\u00a0\u00bb1\/1&Prime; tablet_width_inherit=\u00a0\u00bbdefault\u00a0\u00bb column_border_width=\u00a0\u00bbnone\u00a0\u00bb column_border_style=\u00a0\u00bbsolid\u00a0\u00bb][vc_text_separator title=\u00a0\u00bbLe personnel d&rsquo;\u00e9ducation\u00a0\u00bb i_icon_fontawesome=\u00a0\u00bbfa fa-smile-o\u00a0\u00bb add_icon=\u00a0\u00bbtrue\u00a0\u00bb][split_line_heading]<strong>Mme JOVANNEAU<\/strong><\/p>\n<p><strong>Mme RICHARD<br \/>\n<\/strong><\/p>\n<p><strong>Mme VINATIER<br \/>\n<\/strong>[\/split_line_heading][\/vc_column_inner][\/vc_row_inner][vc_row_inner content_placement=\u00a0\u00bbmiddle\u00a0\u00bb column_margin=\u00a0\u00bbdefault\u00a0\u00bb text_align=\u00a0\u00bbleft\u00a0\u00bb][vc_column_inner column_padding=\u00a0\u00bbpadding-8-percent\u00a0\u00bb column_padding_position=\u00a0\u00bball\u00a0\u00bb centered_text=\u00a0\u00bbtrue\u00a0\u00bb background_color_opacity=\u00a0\u00bb1&Prime; background_hover_color_opacity=\u00a0\u00bb1&Prime; column_shadow=\u00a0\u00bbnone\u00a0\u00bb column_border_radius=\u00a0\u00bbnone\u00a0\u00bb column_link_target=\u00a0\u00bb_self\u00a0\u00bb width=\u00a0\u00bb1\/1&Prime; tablet_width_inherit=\u00a0\u00bbdefault\u00a0\u00bb column_border_width=\u00a0\u00bbnone\u00a0\u00bb column_border_style=\u00a0\u00bbsolid\u00a0\u00bb][vc_text_separator title=\u00a0\u00bbLe personnel en accompagnement des \u00e9l\u00e8ves en situation de handicap\u00a0\u00bb i_icon_fontawesome=\u00a0\u00bbfa fa-handshake-o\u00a0\u00bb add_icon=\u00a0\u00bbtrue\u00a0\u00bb][split_line_heading]<strong>Mme BRUN<\/strong><\/p>\n<p><strong>M. FOURCADE<br \/>\n<\/strong><\/p>\n<p><strong>Mme HANNOTEAUX<br \/>\n<\/strong><\/p>\n<p><strong>Mme TURPIN<\/strong>[\/split_line_heading][\/vc_column_inner][\/vc_row_inner][vc_row_inner content_placement=\u00a0\u00bbmiddle\u00a0\u00bb column_margin=\u00a0\u00bbdefault\u00a0\u00bb text_align=\u00a0\u00bbleft\u00a0\u00bb][vc_column_inner column_padding=\u00a0\u00bbpadding-8-percent\u00a0\u00bb column_padding_position=\u00a0\u00bball\u00a0\u00bb centered_text=\u00a0\u00bbtrue\u00a0\u00bb background_color_opacity=\u00a0\u00bb1&Prime; background_hover_color_opacity=\u00a0\u00bb1&Prime; column_shadow=\u00a0\u00bbnone\u00a0\u00bb column_border_radius=\u00a0\u00bbnone\u00a0\u00bb column_link_target=\u00a0\u00bb_self\u00a0\u00bb width=\u00a0\u00bb1\/1&Prime; tablet_width_inherit=\u00a0\u00bbdefault\u00a0\u00bb column_border_width=\u00a0\u00bbnone\u00a0\u00bb column_border_style=\u00a0\u00bbsolid\u00a0\u00bb][vc_text_separator title=\u00a0\u00bbLe personnel d&rsquo;orientation et de sant\u00e9\u00a0\u00bb i_icon_fontawesome=\u00a0\u00bbfa fa-user-md\u00a0\u00bb add_icon=\u00a0\u00bbtrue\u00a0\u00bb][split_line_heading]<strong>Mme TROUBL<b>\u00c9<\/b> :<\/strong> Psychologue<\/p>\n<p><strong>Mme MARQUAIS<\/strong> : Infirmi\u00e8re<\/p>\n<p><strong>Mme MARY<\/strong> : Assistante sociale[\/split_line_heading][\/vc_column_inner][\/vc_row_inner][vc_row_inner content_placement=\u00a0\u00bbmiddle\u00a0\u00bb column_margin=\u00a0\u00bbdefault\u00a0\u00bb text_align=\u00a0\u00bbleft\u00a0\u00bb][vc_column_inner column_padding=\u00a0\u00bbpadding-8-percent\u00a0\u00bb column_padding_position=\u00a0\u00bball\u00a0\u00bb centered_text=\u00a0\u00bbtrue\u00a0\u00bb background_color_opacity=\u00a0\u00bb1&Prime; background_hover_color_opacity=\u00a0\u00bb1&Prime; column_shadow=\u00a0\u00bbnone\u00a0\u00bb column_border_radius=\u00a0\u00bbnone\u00a0\u00bb column_link_target=\u00a0\u00bb_self\u00a0\u00bb width=\u00a0\u00bb1\/1&Prime; tablet_width_inherit=\u00a0\u00bbdefault\u00a0\u00bb column_border_width=\u00a0\u00bbnone\u00a0\u00bb column_border_style=\u00a0\u00bbsolid\u00a0\u00bb][vc_text_separator title=\u00a0\u00bbLe personnel technique\u00a0\u00bb i_icon_fontawesome=\u00a0\u00bbfa fa-cutlery\u00a0\u00bb add_icon=\u00a0\u00bbtrue\u00a0\u00bb][split_line_heading]<strong>M. FEDIX\u00a0<\/strong>: Chef cuisinier<\/p>\n<p><strong>M. HENRI\u00a0<\/strong>: Adjoint technique<\/p>\n<p><strong>Mme HOUSSARD<\/strong> : Adjoint technique<\/p>\n<p><strong>M. LACROIX\u00a0<\/strong>: Ouvrier professionnel de maintenance<\/p>\n<p><strong>Mme SYLVESTRE\u00a0<\/strong>: Adjoint technique[\/split_line_heading][\/vc_column_inner][\/vc_row_inner][vc_row_inner content_placement=\u00a0\u00bbmiddle\u00a0\u00bb column_margin=\u00a0\u00bbdefault\u00a0\u00bb text_align=\u00a0\u00bbleft\u00a0\u00bb][vc_column_inner column_padding=\u00a0\u00bbpadding-8-percent\u00a0\u00bb column_padding_position=\u00a0\u00bball\u00a0\u00bb centered_text=\u00a0\u00bbtrue\u00a0\u00bb background_color_opacity=\u00a0\u00bb1&Prime; background_hover_color_opacity=\u00a0\u00bb1&Prime; column_shadow=\u00a0\u00bbnone\u00a0\u00bb column_border_radius=\u00a0\u00bbnone\u00a0\u00bb column_link_target=\u00a0\u00bb_self\u00a0\u00bb width=\u00a0\u00bb1\/1&Prime; tablet_width_inherit=\u00a0\u00bbdefault\u00a0\u00bb column_border_width=\u00a0\u00bbnone\u00a0\u00bb column_border_style=\u00a0\u00bbsolid\u00a0\u00bb][vc_text_separator title=\u00a0\u00bbLes informaticiens\u00a0\u00bb i_icon_fontawesome=\u00a0\u00bbfa fa-laptop\u00a0\u00bb add_icon=\u00a0\u00bbtrue\u00a0\u00bb][split_line_heading]<strong>M. AYMARD<\/strong><\/p>\n<p><strong>M. JAVELAUD<\/strong>[\/split_line_heading][\/vc_column_inner][\/vc_row_inner][\/vc_column][\/vc_row][vc_row type=\u00a0\u00bbin_container\u00a0\u00bb full_screen_row_position=\u00a0\u00bbmiddle\u00a0\u00bb scene_position=\u00a0\u00bbcenter\u00a0\u00bb text_color=\u00a0\u00bbdark\u00a0\u00bb text_align=\u00a0\u00bbleft\u00a0\u00bb top_padding=\u00a0\u00bb5%\u00a0\u00bb overlay_strength=\u00a0\u00bb0.3&Prime; shape_divider_position=\u00a0\u00bbbottom\u00a0\u00bb shape_type=\u00a0\u00bb\u00a0\u00bb][vc_column column_padding=\u00a0\u00bbno-extra-padding\u00a0\u00bb column_padding_position=\u00a0\u00bball\u00a0\u00bb background_color_opacity=\u00a0\u00bb1&Prime; background_hover_color_opacity=\u00a0\u00bb1&Prime; column_link_target=\u00a0\u00bb_self\u00a0\u00bb column_shadow=\u00a0\u00bbnone\u00a0\u00bb column_border_radius=\u00a0\u00bbnone\u00a0\u00bb width=\u00a0\u00bb1\/1&Prime; tablet_width_inherit=\u00a0\u00bbdefault\u00a0\u00bb tablet_text_alignment=\u00a0\u00bbdefault\u00a0\u00bb phone_text_alignment=\u00a0\u00bbdefault\u00a0\u00bb column_border_width=\u00a0\u00bbnone\u00a0\u00bb column_border_style=\u00a0\u00bbsolid\u00a0\u00bb][vc_row_inner column_margin=\u00a0\u00bbdefault\u00a0\u00bb top_padding=\u00a0\u00bb5%\u00a0\u00bb text_align=\u00a0\u00bbleft\u00a0\u00bb][vc_column_inner column_padding=\u00a0\u00bbno-extra-padding\u00a0\u00bb column_padding_position=\u00a0\u00bball\u00a0\u00bb background_color_opacity=\u00a0\u00bb1&Prime; background_hover_color_opacity=\u00a0\u00bb1&Prime; column_shadow=\u00a0\u00bbnone\u00a0\u00bb column_border_radius=\u00a0\u00bbnone\u00a0\u00bb column_link_target=\u00a0\u00bb_self\u00a0\u00bb width=\u00a0\u00bb1\/4&Prime; tablet_width_inherit=\u00a0\u00bbdefault\u00a0\u00bb column_border_width=\u00a0\u00bbnone\u00a0\u00bb column_border_style=\u00a0\u00bbsolid\u00a0\u00bb][fancy_box box_style=\u00a0\u00bbparallax_hover\u00a0\u00bb icon_family=\u00a0\u00bbiconsmind\u00a0\u00bb image_url=\u00a0\u00bb74&Prime; color_scheme=\u00a0\u00bbdark\u00a0\u00bb secondary_content=\u00a0\u00bbhere&rsquo;s some awesome text that would only be shown on hover\u00a0\u00bb icon_iconsmind=\u00a0\u00bbiconsmind-The-WhiteHouse\u00a0\u00bb min_height=\u00a0\u00bb600&Prime; link_url=\u00a0\u00bbhttp:\/\/college-albertmicheneau-villefagnan.fr\/index.php\/le-college\/les-installations\/\u00a0\u00bb]\n<h2>Les installations<\/h2>\n<h5>Un environnement de travail confortable<\/h5>\n[\/fancy_box][\/vc_column_inner][vc_column_inner column_padding=\u00a0\u00bbno-extra-padding\u00a0\u00bb column_padding_position=\u00a0\u00bball\u00a0\u00bb background_color_opacity=\u00a0\u00bb1&Prime; background_hover_color_opacity=\u00a0\u00bb1&Prime; column_shadow=\u00a0\u00bbnone\u00a0\u00bb column_border_radius=\u00a0\u00bbnone\u00a0\u00bb column_link_target=\u00a0\u00bb_self\u00a0\u00bb width=\u00a0\u00bb1\/4&Prime; tablet_width_inherit=\u00a0\u00bbdefault\u00a0\u00bb column_border_width=\u00a0\u00bbnone\u00a0\u00bb column_border_style=\u00a0\u00bbsolid\u00a0\u00bb][fancy_box box_style=\u00a0\u00bbparallax_hover\u00a0\u00bb icon_family=\u00a0\u00bbiconsmind\u00a0\u00bb image_url=\u00a0\u00bb3058&Prime; color_scheme=\u00a0\u00bbdark\u00a0\u00bb secondary_content=\u00a0\u00bb\u00a0\u00bb icon_iconsmind=\u00a0\u00bbiconsmind-Teacher\u00a0\u00bb min_height=\u00a0\u00bb600&Prime; link_url=\u00a0\u00bb#\u00a0\u00bb]\n<h2>Le personnel<\/h2>\n<h5>Une \u00e9quipe d\u00e9vou\u00e9e au d\u00e9veloppement des coll\u00e9giens<\/h5>\n[\/fancy_box][\/vc_column_inner][vc_column_inner column_padding=\u00a0\u00bbno-extra-padding\u00a0\u00bb column_padding_position=\u00a0\u00bball\u00a0\u00bb background_color_opacity=\u00a0\u00bb1&Prime; background_hover_color_opacity=\u00a0\u00bb1&Prime; column_shadow=\u00a0\u00bbnone\u00a0\u00bb column_border_radius=\u00a0\u00bbnone\u00a0\u00bb column_link_target=\u00a0\u00bb_self\u00a0\u00bb width=\u00a0\u00bb1\/4&Prime; tablet_width_inherit=\u00a0\u00bbdefault\u00a0\u00bb column_border_width=\u00a0\u00bbnone\u00a0\u00bb column_border_style=\u00a0\u00bbsolid\u00a0\u00bb][fancy_box box_style=\u00a0\u00bbparallax_hover\u00a0\u00bb icon_family=\u00a0\u00bbiconsmind\u00a0\u00bb image_url=\u00a0\u00bb3060&Prime; color_scheme=\u00a0\u00bbdark\u00a0\u00bb secondary_content=\u00a0\u00bbhere&rsquo;s some awesome text that would only be shown on hover\u00a0\u00bb link_url=\u00a0\u00bbhttp:\/\/college-albertmicheneau-villefagnan.fr\/index.php\/le-college\/les-ateliers\/\u00a0\u00bb icon_iconsmind=\u00a0\u00bbiconsmind-Gear-2&Prime; min_height=\u00a0\u00bb600&Prime;]\n<h2>Les ateliers<\/h2>\n<h5>Des activit\u00e9s pour tous<\/h5>\n[\/fancy_box][\/vc_column_inner][vc_column_inner column_padding=\u00a0\u00bbno-extra-padding\u00a0\u00bb column_padding_position=\u00a0\u00bball\u00a0\u00bb background_color_opacity=\u00a0\u00bb1&Prime; background_hover_color_opacity=\u00a0\u00bb1&Prime; column_shadow=\u00a0\u00bbnone\u00a0\u00bb column_border_radius=\u00a0\u00bbnone\u00a0\u00bb column_link_target=\u00a0\u00bb_self\u00a0\u00bb width=\u00a0\u00bb1\/4&Prime; tablet_width_inherit=\u00a0\u00bbdefault\u00a0\u00bb column_border_width=\u00a0\u00bbnone\u00a0\u00bb column_border_style=\u00a0\u00bbsolid\u00a0\u00bb][fancy_box box_style=\u00a0\u00bbparallax_hover\u00a0\u00bb icon_family=\u00a0\u00bbiconsmind\u00a0\u00bb image_url=\u00a0\u00bb2591&Prime; color_scheme=\u00a0\u00bbdark\u00a0\u00bb secondary_content=\u00a0\u00bbhere&rsquo;s some awesome text that would only be shown on hover\u00a0\u00bb link_url=\u00a0\u00bbhttp:\/\/college-albertmicheneau-villefagnan.fr\/index.php\/le-college\/l-unss\/\u00a0\u00bb icon_iconsmind=\u00a0\u00bbiconsmind-Sport-Mode\u00a0\u00bb min_height=\u00a0\u00bb600&Prime;]\n<h2>L&rsquo;UNSS<\/h2>\n<h5>Le sport en milieu scolaire<\/h5>\n[\/fancy_box][\/vc_column_inner][\/vc_row_inner][\/vc_column][\/vc_row]\n","protected":false},"excerpt":{"rendered":"<p>[vc_row type=\u00a0\u00bbin_container\u00a0\u00bb full_screen_row_position=\u00a0\u00bbmiddle\u00a0\u00bb scene_position=\u00a0\u00bbcenter\u00a0\u00bb text_color=\u00a0\u00bbdark\u00a0\u00bb text_align=\u00a0\u00bbleft\u00a0\u00bb overlay_strength=\u00a0\u00bb0.3&Prime; shape_divider_position=\u00a0\u00bbbottom\u00a0\u00bb][vc_column centered_text=\u00a0\u00bbtrue\u00a0\u00bb column_padding=\u00a0\u00bbno-extra-padding\u00a0\u00bb column_padding_position=\u00a0\u00bball\u00a0\u00bb background_color_opacity=\u00a0\u00bb1&Prime; background_hover_color_opacity=\u00a0\u00bb1&Prime; column_link_target=\u00a0\u00bb_self\u00a0\u00bb column_shadow=\u00a0\u00bbnone\u00a0\u00bb column_border_radius=\u00a0\u00bbnone\u00a0\u00bb top_margin=\u00a0\u00bb-3%\u00a0\u00bb width=\u00a0\u00bb1\/1&Prime; tablet_width_inherit=\u00a0\u00bbdefault\u00a0\u00bb tablet_text_alignment=\u00a0\u00bbdefault\u00a0\u00bb phone_text_alignment=\u00a0\u00bbdefault\u00a0\u00bb column_border_width=\u00a0\u00bbnone\u00a0\u00bb column_border_style=\u00a0\u00bbsolid\u00a0\u00bb][nectar_btn size=\u00a0\u00bbsmall\u00a0\u00bb open_new_tab=\u00a0\u00bbtrue\u00a0\u00bb button_style=\u00a0\u00bbregular\u00a0\u00bb button_color_2=\u00a0\u00bbAccent-Color\u00a0\u00bb icon_family=\u00a0\u00bbfontawesome\u00a0\u00bb url=\u00a0\u00bbhttps:\/\/ent16.lacharente.fr\/\u00a0\u00bb text=\u00a0\u00bbConnexion&#8230;<\/p>\n","protected":false},"author":2,"featured_media":0,"parent":38,"menu_order":0,"comment_status":"closed","ping_status":"closed","template":"","meta":{"footnotes":""},"class_list":["post-116","page","type-page","status-publish"],"_links":{"self":[{"href":"https:\/\/college-albertmicheneau-villefagnan.fr\/index.php\/wp-json\/wp\/v2\/pages\/116","targetHints":{"allow":["GET"]}}],"collection":[{"href":"https:\/\/college-albertmicheneau-villefagnan.fr\/index.php\/wp-json\/wp\/v2\/pages"}],"about":[{"href":"https:\/\/college-albertmicheneau-villefagnan.fr\/index.php\/wp-json\/wp\/v2\/types\/page"}],"author":[{"embeddable":true,"href":"https:\/\/college-albertmicheneau-villefagnan.fr\/index.php\/wp-json\/wp\/v2\/users\/2"}],"replies":[{"embeddable":true,"href":"https:\/\/college-albertmicheneau-villefagnan.fr\/index.php\/wp-json\/wp\/v2\/comments?post=116"}],"version-history":[{"count":0,"href":"https:\/\/college-albertmicheneau-villefagnan.fr\/index.php\/wp-json\/wp\/v2\/pages\/116\/revisions"}],"up":[{"embeddable":true,"href":"https:\/\/college-albertmicheneau-villefagnan.fr\/index.php\/wp-json\/wp\/v2\/pages\/38"}],"wp:attachment":[{"href":"https:\/\/college-albertmicheneau-villefagnan.fr\/index.php\/wp-json\/wp\/v2\/media?parent=116"}],"curies":[{"name":"wp","href":"https:\/\/api.w.org\/{rel}","templated":true}]}}